{"id":33,"date":"2013-02-05T20:51:54","date_gmt":"2013-02-05T20:51:54","guid":{"rendered":"http:\/\/www.ardae.ro\/?page_id=33"},"modified":"2017-03-02T09:35:48","modified_gmt":"2017-03-02T09:35:48","slug":"parteneri","status":"publish","type":"page","link":"http:\/\/www.ardae.ro\/?page_id=33","title":{"rendered":"Parteneri si proiecte"},"content":{"rendered":"<p style=\"text-align: center;\"><span style=\"color: #ff0000;\"><strong>INSTITUTII<\/strong><\/span><\/p>\n<p style=\"text-align: center;\"><a href=\"http:\/\/ec.europa.eu\/romania\/index_ro.htm\" target=\"_blank\"><strong>Reprezentan\u0163a Comisiei Europene \u00een Rom\u00e2nia<\/strong><\/a><\/p>\n<p style=\"text-align: center;\">***<\/p>\n<p style=\"text-align: center;\"><strong><a href=\"http:\/\/fra.europa.eu\/en\" target=\"_blank\">Agen\u0163ia pentru Drepturi Fundamentale \/\u00a0European Union Agency for Fundamental Rights<\/a><\/strong><\/p>\n<p style=\"text-align: center;\"><a href=\"http:\/\/fra.europa.eu\/en\" target=\"_blank\"><img loading=\"lazy\" decoding=\"async\" class=\"size-full wp-image-1746 alignnone\" alt=\"FRA\" src=\"http:\/\/www.ardae.ro\/wp-content\/uploads\/FRA.png\" width=\"220\" height=\"92\" \/><\/a><\/p>\n<p style=\"text-align: center;\"><strong><a href=\"http:\/\/ec.europa.eu\/dgs\/education_culture\/index_en.htm\">EACEA \u2013 Agen\u021bia Executiv\u0103 pentru Educa\u021bie, Audiovizul \u0219i Cultur\u0103<\/a><\/strong><\/p>\n<p><a href=\"http:\/\/eacea.ec.europa.eu\/index_en.php\" target=\"_blank\"><img loading=\"lazy\" decoding=\"async\" class=\" wp-image-1784 aligncenter\" alt=\"EACEA\" src=\"http:\/\/www.ardae.ro\/wp-content\/uploads\/EACEA.jpg\" width=\"170\" height=\"107\" \/><\/a><\/p>\n<p style=\"text-align: center;\"><strong>\u00a0<a href=\"http:\/\/www.dirpolis.it\/\" target=\"_blank\">Institutul DIRPOLIS \u2013 Scuola Superiore Sant\u2019Anna di Pisa<\/a><\/strong><\/p>\n<p><a href=\"http:\/\/www.dirpolis.it\/\" target=\"_blank\"><img loading=\"lazy\" decoding=\"async\" class=\"size-full wp-image-2047 aligncenter\" alt=\"Institutul DIRPOLIS \u2013 Scuola Superiore Sant\u2019Anna di Pisa\" src=\"http:\/\/www.ardae.ro\/wp-content\/uploads\/Institutul-DIRPOLIS-\u2013-Scuola-Superiore-Sant\u2019Anna-di-Pisa.jpg\" width=\"249\" height=\"107\" \/><\/a><\/p>\n<p style=\"text-align: center;\"><a href=\"http:\/\/www.csde.ro\/\" target=\"_blank\"><strong>Centrul de Studii de Drept European al Institutului de Cercet\u0103ri Juridice al Academiei Rom\u00e2ne<\/strong><\/a><\/p>\n<p style=\"text-align: center;\"><a href=\"http:\/\/www.csde.ro\/\" target=\"_blank\"><img loading=\"lazy\" decoding=\"async\" class=\" wp-image-39 aligncenter\" title=\"CSDE-188x233\" alt=\"\" src=\"http:\/\/www.ardae.ro\/wp-content\/uploads\/CSDE-188x233.jpg\" width=\"132\" height=\"163\" \/><\/a><\/p>\n<p style=\"text-align: center;\"><a href=\"http:\/\/www.orda.ro\/\" target=\"_blank\"><strong>Oficiul Rom\u00e2n pentru Drepturile de Autor &#8211; ORDA\u00a0<\/strong><\/a><\/p>\n<p><strong style=\"font-size: 13px;\"><a href=\"http:\/\/www.orda.ro\/\" target=\"_blank\"><img loading=\"lazy\" decoding=\"async\" class=\" wp-image-1622 aligncenter\" alt=\"ORDA\" src=\"http:\/\/www.ardae.ro\/wp-content\/uploads\/ORDA.gif\" width=\"202\" height=\"87\" \/><\/a><\/strong><\/p>\n<p style=\"text-align: center;\"><a href=\"http:\/\/www.dataprotection.ro\/\" target=\"_blank\"><strong>Autoritatea Na\u021bional\u0103 pentru Supravegherea Prelucr\u0103rii Datelor cu Caracter Personal (ANSPDCP)<\/strong><\/a><\/p>\n<p><a href=\"http:\/\/www.dataprotection.ro\/\" target=\"_blank\"><img loading=\"lazy\" decoding=\"async\" class=\"size-medium wp-image-1626 aligncenter\" alt=\"Autoritatea Supravegherea Prelucrarii Datelor cu Caracter Personal (ANSPDCP)\" src=\"http:\/\/www.ardae.ro\/wp-content\/uploads\/Autoritatea-Supravegherea-Prelucrarii-Datelor-cu-Caracter-Personal-ANSPDCP-300x55.jpg\" width=\"300\" height=\"55\" srcset=\"http:\/\/www.ardae.ro\/wp-content\/uploads\/Autoritatea-Supravegherea-Prelucrarii-Datelor-cu-Caracter-Personal-ANSPDCP-300x55.jpg 300w, http:\/\/www.ardae.ro\/wp-content\/uploads\/Autoritatea-Supravegherea-Prelucrarii-Datelor-cu-Caracter-Personal-ANSPDCP.jpg 520w\" sizes=\"(max-width: 300px) 100vw, 300px\" \/><\/a><\/p>\n<p>&nbsp;<\/p>\n<p style=\"text-align: center;\"><strong style=\"font-size: 13px;\"><a href=\"http:\/\/www.cdcip.ro\/\" target=\"_blank\">Centrul de Drept Constitu\u021bional \u0219i Institu\u0163ii Politice (CDCIP) \u00a0&#8211; Facultatea de Drept a Universit\u0103\u0163ii din Bucure\u015fti<\/a><\/strong><\/p>\n<p style=\"text-align: center;\"><a href=\"http:\/\/www.cdcip.ro\/\" target=\"_blank\"><img loading=\"lazy\" decoding=\"async\" class=\"size-full wp-image-1601\" alt=\"CDCIP\" src=\"http:\/\/www.ardae.ro\/wp-content\/uploads\/CDCIP.jpg\" width=\"69\" height=\"91\" \/><\/a><\/p>\n<p style=\"text-align: center;\"><a href=\"http:\/\/www.upm.ro\/facultati_departamente\/ea\/index.html\" target=\"_blank\"><strong>Facultatea\u00a0Facultatea de \u015etiin\u0163e Economice, Juridice \u015fi Administrative &#8211; Universitatea Petru Maior<\/strong><\/a><\/p>\n<p><a href=\"http:\/\/www.upm.ro\/facultati_departamente\/ea\/index.html\" target=\"_blank\"><img loading=\"lazy\" decoding=\"async\" class=\" wp-image-1320 aligncenter\" alt=\"Universitatea Petru Maior Targu MUres\" src=\"http:\/\/www.ardae.ro\/wp-content\/uploads\/Universitatea-Petru-Maior-Targu-MUres.gif\" width=\"176\" height=\"43\" \/><\/a><\/p>\n<p style=\"text-align: center;\"><a href=\"http:\/\/www.drept.uvt.ro\/\" target=\"_blank\"><strong>Facultatea de Drept &#8211; Universitatea de Vest din Timi\u015foara<\/strong><\/a><\/p>\n<p style=\"text-align: center;\"><a href=\"http:\/\/www.drept.uvt.ro\/\" target=\"_blank\"><img loading=\"lazy\" decoding=\"async\" class=\"size-medium wp-image-1561\" alt=\"Facultatea de Drept - Universitatea de Vest\" src=\"http:\/\/www.ardae.ro\/wp-content\/uploads\/Facultatea-de-Drept-Universitatea-de-Vest-300x31.png\" width=\"300\" height=\"31\" srcset=\"http:\/\/www.ardae.ro\/wp-content\/uploads\/Facultatea-de-Drept-Universitatea-de-Vest-300x31.png 300w, http:\/\/www.ardae.ro\/wp-content\/uploads\/Facultatea-de-Drept-Universitatea-de-Vest-1024x105.png 1024w\" sizes=\"(max-width: 300px) 100vw, 300px\" \/><\/a><\/p>\n<p style=\"text-align: center;\"><strong><a href=\"http:\/\/rei.ucdc.ro\/\" target=\"_blank\">Facultatea de Rela\u0163ii Economice Interna\u0163ionale &#8211; Universitatea Cre\u015ftin\u0103 Dimitrie Cantemir<\/a><\/strong><\/p>\n<p><a href=\"http:\/\/rei.ucdc.ro\/\" target=\"_blank\"><img loading=\"lazy\" decoding=\"async\" class=\"wp-image-1563 aligncenter\" alt=\"ucdc\" src=\"http:\/\/www.ardae.ro\/wp-content\/uploads\/ucdc.jpg\" width=\"146\" height=\"125\" \/><\/a><\/p>\n<p style=\"text-align: center;\"><a href=\"http:\/\/www.faa.unibuc.ro\/\" target=\"_blank\"><strong>Facultatea de Administra\u0163ie \u015fi Afaceri (FAA), Universitatea din Bucure\u015fti<\/strong><\/a><\/p>\n<p><a href=\"http:\/\/www.faa.unibuc.ro\/\" target=\"_blank\"><img loading=\"lazy\" decoding=\"async\" class=\" wp-image-1616 aligncenter\" alt=\"Facultatea de Administratie si Afaceri, Universitatea din Bucuresti\" src=\"http:\/\/www.ardae.ro\/wp-content\/uploads\/Facultatea-de-Administratie-si-Afaceri-Universitatea-din-Bucuresti.jpg\" width=\"85\" height=\"105\" \/><\/a><\/p>\n<p style=\"text-align: center;\">\u00a0<a href=\"http:\/\/drept.ulbsibiu.ro\/\" target=\"_blank\"><strong>Facultatea de Drept &#8220;Simion B\u0103rnu\u0163iu&#8221;, Universitatea Lucian Blaga din Sibiu<\/strong><\/a><\/p>\n<p style=\"text-align: center;\"><a href=\"http:\/\/drept.ulbsibiu.ro\/\" target=\"_blank\"><img loading=\"lazy\" decoding=\"async\" class=\"size-full wp-image-1564\" alt=\"Universitatea Lucian Blaga Sibiu\" src=\"http:\/\/www.ardae.ro\/wp-content\/uploads\/Universitatea-Lucian-Blaga-Sibiu.jpg\" width=\"200\" height=\"103\" \/><\/a><\/p>\n<p style=\"text-align: center;\"><strong><a href=\"http:\/\/se.upg-ploiesti.ro\/index.php\/ro\/cercetare\/centre-de-cercetare\/centru-de-studii-si-cercetari-juridice-si-socio-administrative\" target=\"_blank\">Centrul de Studii \u015fi Cercet\u0103ri Juridice \u015fi Socio-Administrative (CSCJSA) &#8211; Facultatea de \u015etiin\u0163e Economice a Universit\u0103\u0163ii de Petrol \u015fi Gaze Ploie\u015fti<\/a><\/strong><\/p>\n<p><a href=\"http:\/\/se.upg-ploiesti.ro\/index.php\/ro\/cercetare\/centre-de-cercetare\/centru-de-studii-si-cercetari-juridice-si-socio-administrative\" target=\"_blank\"><img loading=\"lazy\" decoding=\"async\" class=\" wp-image-1612 aligncenter\" alt=\"UPG Ploiesti\" src=\"http:\/\/www.ardae.ro\/wp-content\/uploads\/UPG-Ploiesti.jpg\" width=\"113\" height=\"128\" \/><\/a><\/p>\n<p style=\"text-align: center;\"><a href=\"http:\/\/www.univ-danubius.ro\/\" target=\"_blank\"><strong>Universitatea Danubius, Galati<\/strong><\/a><\/p>\n<p style=\"text-align: center;\"><a href=\"http:\/\/www.univ-danubius.ro\/\" target=\"_blank\"><img loading=\"lazy\" decoding=\"async\" class=\"size-full wp-image-2938\" alt=\"Danubius\" src=\"http:\/\/www.ardae.ro\/wp-content\/uploads\/Danubius.png\" width=\"300\" height=\"281\" \/><\/a><\/p>\n<p style=\"text-align: center;\">\u00a0<a href=\"http:\/\/drept.sapientia.ro\/ro\" target=\"_blank\"><b>Departamentul de \u015etiin\u021be Juridice &#8211; Universitatea \u201eSapientia\u201d<\/b><\/a><\/p>\n<p><a href=\"http:\/\/drept.sapientia.ro\/ro\" target=\"_blank\"><img loading=\"lazy\" decoding=\"async\" class=\" wp-image-1614 aligncenter\" alt=\"Universitatea Sapientia\" src=\"http:\/\/www.ardae.ro\/wp-content\/uploads\/Universitatea-Sapientia-300x117.jpg\" width=\"210\" height=\"82\" srcset=\"http:\/\/www.ardae.ro\/wp-content\/uploads\/Universitatea-Sapientia-300x117.jpg 300w, http:\/\/www.ardae.ro\/wp-content\/uploads\/Universitatea-Sapientia.jpg 356w\" sizes=\"(max-width: 210px) 100vw, 210px\" \/><\/a><\/p>\n<p style=\"text-align: center;\">\u00a0<strong><a href=\"http:\/\/www.apubb.ro\/goodgovernancestudies\/\" target=\"_blank\">Centrul de Studii\u00a0privind Buna Guvernare din cadrul Facult\u0103\u0163ii de Stiinte Politice, Administrative si ale Comunicarii din cadrul Universit\u0103\u0163ii Babes Bolyai<\/a><\/strong><\/p>\n<p style=\"text-align: center;\"><a href=\"http:\/\/www.polito.ubbcluj.ro\/\" target=\"_blank\"><img loading=\"lazy\" decoding=\"async\" class=\"wp-image-1802\" alt=\"logo-FSPAC\" src=\"http:\/\/www.ardae.ro\/wp-content\/uploads\/logo-FSPAC.png\" width=\"250\" height=\"68\" srcset=\"http:\/\/www.ardae.ro\/wp-content\/uploads\/logo-FSPAC.png 346w, http:\/\/www.ardae.ro\/wp-content\/uploads\/logo-FSPAC-300x82.png 300w\" sizes=\"(max-width: 250px) 100vw, 250px\" \/>\u00a0<\/a>\u00a0 \u00a0 \u00a0 \u00a0 \u00a0 \u00a0\u00a0<a href=\"http:\/\/www.ardae.ro\/wp-content\/uploads\/Good-governance-V2-300x150.jpg\"><img loading=\"lazy\" decoding=\"async\" class=\"wp-image-1803\" alt=\"Good-governance-V2-300x150\" src=\"http:\/\/www.ardae.ro\/wp-content\/uploads\/Good-governance-V2-300x150.jpg\" width=\"144\" height=\"72\" \/><\/a><\/p>\n<p style=\"text-align: center;\"><strong style=\"color: #ff0000;\">ASOCIATII \u015eI FUNDA\u0162II<\/strong><\/p>\n<p style=\"text-align: center;\"><a href=\"http:\/\/www.forumuljudecatorilor.ro\/\" target=\"_blank\"><strong>Asocia\u0163ia Forumul Judec\u0103torilor din Rom\u00e2nia<\/strong><\/a><\/p>\n<p style=\"text-align: center;\">\u00a0<a href=\"http:\/\/www.forumuljudecatorilor.ro\/\" target=\"_blank\"><img loading=\"lazy\" decoding=\"async\" title=\"\" alt=\"\" src=\"http:\/\/www.ardae.ro\/wp-content\/uploads\/Logofjr.jpg\" width=\"150\" height=\"75\" \/><\/a><\/p>\n<p style=\"text-align: center;\"><strong style=\"font-size: 13px;\"><a href=\"http:\/\/www.hotararicedo.ro\/\" target=\"_blank\">\u00a0Asocia\u0163ia Magistra\u0163ilor Europeni pentru Drepturile Omului<\/a>\u00a0\/\u00a0<\/strong><a style=\"font-size: 13px;\" href=\"http:\/\/www.hotararicedo.ro\/index.php\/foreignlanguageresources\" target=\"_blank\"><strong>The European Magistrates` Association on Human Rights<\/strong><\/a><\/p>\n<p><a href=\"http:\/\/www.hotararicedo.ro\/\" target=\"_blank\"><img loading=\"lazy\" decoding=\"async\" class=\"size-full wp-image-1317 aligncenter\" alt=\"AMEDO\" src=\"http:\/\/www.ardae.ro\/wp-content\/uploads\/AMEDO.jpg\" width=\"150\" height=\"75\" \/><\/a><\/p>\n<p style=\"text-align: center;\"><a href=\"http:\/\/www.ssj.ro\/\" target=\"_blank\"><strong>Societatea de \u015etiin\u0163e Juridice<\/strong><\/a><\/p>\n<p style=\"text-align: center;\"><a href=\"http:\/\/www.ssj.ro\/\" target=\"_blank\"><img loading=\"lazy\" decoding=\"async\" class=\"size-full wp-image-1607\" alt=\"Societatea de Stiinte Juridice\" src=\"http:\/\/www.ardae.ro\/wp-content\/uploads\/Societatea-de-Stiinte-Juridice.jpg\" width=\"150\" height=\"86\" \/><\/a><\/p>\n<p style=\"text-align: center;\"><strong><a href=\"http:\/\/crjm.org\/\" target=\"_blank\">Centrul de Resurse Juridice din Moldova (CRJM)<\/a><\/strong><\/p>\n<p style=\"text-align: center;\"><a href=\"http:\/\/crjm.org\/\" target=\"_blank\"><img loading=\"lazy\" decoding=\"async\" class=\"size-full wp-image-1591\" alt=\"CRJM\" src=\"http:\/\/www.ardae.ro\/wp-content\/uploads\/CRJM.png\" width=\"240\" height=\"47\" \/><\/a><\/p>\n<p style=\"text-align: center;\"><a href=\"http:\/\/aexa.eu\/\" target=\"_blank\"><strong>Asocia\u0163ia Exper\u0163ilor \u00een Achizi\u0163ii<\/strong><\/a><\/p>\n<p style=\"text-align: center;\"><a href=\"http:\/\/aexa.eu\/\" target=\"_blank\"><img loading=\"lazy\" decoding=\"async\" class=\"wp-image-1553 aligncenter\" alt=\"aexa-asociatia-expertilor-in-achizitii\" src=\"http:\/\/www.ardae.ro\/wp-content\/uploads\/aexa-asociatia-expertilor-in-achizitii.jpg\" width=\"126\" height=\"53\" \/><\/a><\/p>\n<p style=\"text-align: center;\"><a href=\"http:\/\/www.juridice.ro\/249107\/a-fost-infiintata-asociatia-romana-pentru-studiul-dreptului-comparat-si-al-dreptului-international-privat.html\" target=\"_blank\"><strong>Asociatia Romana pentru Studiul Dreptului Comparat si al Dreptului International Privat (RACIPS)<\/strong><\/a><\/p>\n<p style=\"text-align: center;\"><strong><a href=\"http:\/\/www.gemme.eu\/en\" target=\"_blank\">GEMME Rom\u00e2nia &#8211;\u00a0Asociatia Magistratilor Europenei care Sustin Medierea \u2013 Sec\u0163iunea Rom\u00e2n\u0103<\/a><\/strong><\/p>\n<p style=\"text-align: center;\"><a href=\"http:\/\/www.ardae.ro\/wp-content\/uploads\/GEMME.gif\"><img loading=\"lazy\" decoding=\"async\" class=\"alignleft size-full wp-image-1555\" alt=\"GEMME\" src=\"http:\/\/www.ardae.ro\/wp-content\/uploads\/GEMME.gif\" width=\"1\" height=\"1\" \/><\/a><\/p>\n<p><a href=\"http:\/\/www.gemme.eu\/\" target=\"_blank\"><img loading=\"lazy\" decoding=\"async\" class=\" wp-image-1556 aligncenter\" alt=\"GEMME\" src=\"http:\/\/www.ardae.ro\/wp-content\/uploads\/GEMME-150x100.jpg\" width=\"105\" height=\"70\" \/><\/a><\/p>\n<p align=\"center\"><a href=\"https:\/\/ro-ro.facebook.com\/srcapp\" target=\"_blank\"><b>Societatea Rom\u00e2n\u0103 de Cercetare pentru Afaceri Publice \u015fi Private (SOROCAP)<\/b><\/a><\/p>\n<p align=\"center\"><a href=\"https:\/\/www.facebook.com\/srcapp\" target=\"_blank\"><img loading=\"lazy\" decoding=\"async\" class=\"wp-image-2118 aligncenter\" alt=\"SOROCAPP\" src=\"http:\/\/www.ardae.ro\/wp-content\/uploads\/SOROCAPP-300x237.jpg\" width=\"180\" height=\"142\" srcset=\"http:\/\/www.ardae.ro\/wp-content\/uploads\/SOROCAPP-300x237.jpg 300w, http:\/\/www.ardae.ro\/wp-content\/uploads\/SOROCAPP.jpg 960w\" sizes=\"(max-width: 180px) 100vw, 180px\" \/><\/a><\/p>\n<p align=\"center\"><strong>Institutul de \u015ftiinte administrative &#8220;PAUL NEGULESCU&#8221; (ISAPN)<\/strong><\/p>\n<p><a href=\"http:\/\/www.ardae.ro\/wp-content\/uploads\/institutul_paul_negulescu.png\"><img loading=\"lazy\" decoding=\"async\" class=\"aligncenter\" alt=\"institutul_paul_negulescu\" src=\"http:\/\/www.ardae.ro\/wp-content\/uploads\/institutul_paul_negulescu.png\" width=\"76\" height=\"83\" \/><\/a><\/p>\n<p>&nbsp;<\/p>\n<p style=\"text-align: center;\"><a href=\"http:\/\/legalitc.com\/\" target=\"_blank\"><strong>Asocia\u0163ia Interna\u0163ional\u0103 pentru Drept, Cultur\u0103 \u015fi Societate Informa\u0163ional\u0103 &#8211; LegaLITC<\/strong><\/a><\/p>\n<p>\u00a0<a href=\"http:\/\/legalitc.com\/\" target=\"_blank\"><img loading=\"lazy\" decoding=\"async\" class=\"wp-image-1760 aligncenter\" alt=\"LegaLITCpng\" src=\"http:\/\/www.ardae.ro\/wp-content\/uploads\/LegaLITCpng-300x100.png\" width=\"180\" height=\"60\" srcset=\"http:\/\/www.ardae.ro\/wp-content\/uploads\/LegaLITCpng-300x100.png 300w, http:\/\/www.ardae.ro\/wp-content\/uploads\/LegaLITCpng.png 308w\" sizes=\"(max-width: 180px) 100vw, 180px\" \/><\/a><\/p>\n<p style=\"text-align: center;\"><b>Centrul <i>Robertianum<\/i> de drept privat &#8211;\u00a0<\/b><a href=\"http:\/\/www.scoaladreptuluiorganic.ro\/\" target=\"_blank\"><b>Facultatea de drept &#8211;\u00a0<\/b><b>Universitatea <i>Al. I. Cuza din Ia\u015fi<\/i><\/b><\/a><\/p>\n<p style=\"text-align: center;\"><a href=\"http:\/\/www.scoaladreptuluiorganic.ro\/\"><img loading=\"lazy\" decoding=\"async\" class=\" wp-image-2258 aligncenter\" alt=\"Iasi Centrul Robertianum de drept privat european\" src=\"http:\/\/www.ardae.ro\/wp-content\/uploads\/Iasi-Centrul-Robertianum-de-drept-privat-european-300x300.jpg\" width=\"180\" height=\"180\" srcset=\"http:\/\/www.ardae.ro\/wp-content\/uploads\/Iasi-Centrul-Robertianum-de-drept-privat-european-300x300.jpg 300w, http:\/\/www.ardae.ro\/wp-content\/uploads\/Iasi-Centrul-Robertianum-de-drept-privat-european-150x150.jpg 150w, http:\/\/www.ardae.ro\/wp-content\/uploads\/Iasi-Centrul-Robertianum-de-drept-privat-european.jpg 607w\" sizes=\"(max-width: 180px) 100vw, 180px\" \/><\/a><\/p>\n<p style=\"text-align: center;\"><a href=\"http:\/\/www.rsasa.ro\/\" target=\"_blank\"><strong>Societatea Academica de Stiinte Administrative<\/strong><\/a><\/p>\n<p><a href=\"http:\/\/www.rsasa.ro\/\" target=\"_blank\"><img loading=\"lazy\" decoding=\"async\" class=\"size-full wp-image-2398 aligncenter\" alt=\"SASA - Societatea academica de stiinte administrative\" src=\"http:\/\/www.ardae.ro\/wp-content\/uploads\/SASA-Societatea-academica-de-stiinte-administrative.jpg\" width=\"266\" height=\"190\" \/><\/a><\/p>\n<p style=\"text-align: center;\"><a href=\"https:\/\/emeaconferences.com\/\" target=\"_blank\"><strong>EMEA CONFERENCES<\/strong><\/a><\/p>\n<p style=\"text-align: center;\"><a href=\"https:\/\/emeaconferences.com\/\" target=\"_blank\">\u00a0<\/a><a href=\"https:\/\/emeaconferences.com\/\" target=\"_blank\"><img loading=\"lazy\" decoding=\"async\" class=\"size-full wp-image-2996\" alt=\"logo-emea-conferences\" src=\"http:\/\/www.ardae.ro\/wp-content\/uploads\/logo-emea-conferences.jpg\" width=\"150\" height=\"150\" \/><\/a><\/p>\n<p>&nbsp;<\/p>\n<p>&nbsp;<\/p>\n<p>&nbsp;<\/p>\n<p>&nbsp;<\/p>\n<p>&nbsp;<\/p>\n<p style=\"text-align: center;\"><span style=\"color: #ff0000;\"><strong>PARTENERI MEDIA<\/strong><\/span><\/p>\n<p style=\"text-align: center;\"><strong><a href=\"http:\/\/www.juridice.ro\/\" target=\"_blank\">JURIDICE.ro<\/a><\/strong><\/p>\n<p><a href=\"http:\/\/www.juridice.ro\/\" target=\"_blank\"><img loading=\"lazy\" decoding=\"async\" class=\"size-full wp-image-41 aligncenter\" title=\"Juridice.ro_1\" alt=\"\" src=\"http:\/\/www.ardae.ro\/wp-content\/uploads\/Juridice.ro_1.jpg\" width=\"259\" height=\"90\" \/><\/a><\/p>\n<p style=\"text-align: center;\"><strong>\u00a0<a href=\"http:\/\/www.caleaeuropeana.ro\/\" target=\"_blank\">CaleaEuropeana.ro<\/a><\/strong><\/p>\n<p style=\"text-align: center;\"><a href=\"http:\/\/www.caleaeuropeana.ro\/\" target=\"_blank\"><img loading=\"lazy\" decoding=\"async\" class=\"size-medium wp-image-1566\" alt=\"CaleaEuropeana.ro\" src=\"http:\/\/www.ardae.ro\/wp-content\/uploads\/CaleaEuropeana.ro_-300x121.jpg\" width=\"300\" height=\"121\" srcset=\"http:\/\/www.ardae.ro\/wp-content\/uploads\/CaleaEuropeana.ro_-300x121.jpg 300w, http:\/\/www.ardae.ro\/wp-content\/uploads\/CaleaEuropeana.ro_.jpg 353w\" sizes=\"(max-width: 300px) 100vw, 300px\" \/><\/a><\/p>\n<p style=\"text-align: center;\"><strong><a href=\"http:\/\/www.agerpres.ro\/\" target=\"_blank\">AGERPRES.RO<\/a><\/strong><\/p>\n<p><a href=\"http:\/\/www.agerpres.ro\/\" target=\"_blank\"><img loading=\"lazy\" decoding=\"async\" class=\"size-medium wp-image-1570 aligncenter\" alt=\"agerpres\" src=\"http:\/\/www.ardae.ro\/wp-content\/uploads\/agerpres1-300x112.jpg\" width=\"300\" height=\"112\" srcset=\"http:\/\/www.ardae.ro\/wp-content\/uploads\/agerpres1-300x112.jpg 300w, http:\/\/www.ardae.ro\/wp-content\/uploads\/agerpres1.jpg 600w\" sizes=\"(max-width: 300px) 100vw, 300px\" \/><\/a><\/p>\n<p style=\"text-align: center;\">\u00a0<a href=\"http:\/\/www.legalis.ro\/\" target=\"_blank\"><strong>Legalis<\/strong><\/a><\/p>\n<p><a href=\"http:\/\/www.legalis.ro\/\" target=\"_blank\"><img loading=\"lazy\" decoding=\"async\" class=\"wp-image-1583 aligncenter\" alt=\"Logo legalis\" src=\"http:\/\/www.ardae.ro\/wp-content\/uploads\/Logo-legalis-300x107.jpg\" width=\"180\" height=\"64\" srcset=\"http:\/\/www.ardae.ro\/wp-content\/uploads\/Logo-legalis-300x107.jpg 300w, http:\/\/www.ardae.ro\/wp-content\/uploads\/Logo-legalis.jpg 600w\" sizes=\"(max-width: 180px) 100vw, 180px\" \/><\/a><\/p>\n<p style=\"text-align: center;\"><a href=\"http:\/\/www.avocatnet.ro\/\" target=\"_blank\"><strong>\u00a0avocatnet.ro<\/strong><\/a><\/p>\n<p><a href=\"http:\/\/www.avocatnet.ro\/\" target=\"_blank\"><img loading=\"lazy\" decoding=\"async\" class=\"wp-image-1585 aligncenter\" alt=\"avocatnet\" src=\"http:\/\/www.ardae.ro\/wp-content\/uploads\/avocatnet--300x67.jpg\" width=\"210\" height=\"47\" srcset=\"http:\/\/www.ardae.ro\/wp-content\/uploads\/avocatnet--300x67.jpg 300w, http:\/\/www.ardae.ro\/wp-content\/uploads\/avocatnet--1024x230.jpg 1024w, http:\/\/www.ardae.ro\/wp-content\/uploads\/avocatnet-.jpg 1523w\" sizes=\"(max-width: 210px) 100vw, 210px\" \/><\/a><\/p>\n<p style=\"text-align: center;\"><a href=\"https:\/\/eubusinesslaw.wordpress.com\/2015\/03\/17\/zi-de-zi-mures-partener-media-fiat-iustitia-2015\/\" target=\"_blank\">\u00a0<strong>Zi de zi MURES<\/strong><\/a><\/p>\n<p><a href=\"http:\/\/www.zi-de-zi.ro\/\" target=\"_blank\"><img loading=\"lazy\" decoding=\"async\" class=\"wp-image-1889 aligncenter\" alt=\"Zi de zi Mures\" src=\"http:\/\/www.ardae.ro\/wp-content\/uploads\/Zi-de-zi-Mures.jpg\" width=\"132\" height=\"55\" \/><\/a><\/p>\n<p style=\"text-align: center;\">\u00a0<span style=\"color: #ff0000;\"><strong>EDITURI<\/strong><\/span><\/p>\n<p style=\"text-align: center;\"><strong><a href=\"http:\/\/ukcatalogue.oup.com\/category\/academic\/promotions\/law\/celseu11.do?code=celseu11\" target=\"_blank\">Oxford University Press<\/a><br \/>\n<\/strong><\/p>\n<p style=\"text-align: center;\"><a href=\"http:\/\/ukcatalogue.oup.com\/\" target=\"_blank\"><img loading=\"lazy\" decoding=\"async\" class=\"size-full wp-image-1603\" alt=\"Oxford-University-Press\" src=\"http:\/\/www.ardae.ro\/wp-content\/uploads\/Oxford-University-Press.gif\" width=\"200\" height=\"88\" \/><\/a><\/p>\n<p style=\"text-align: center;\"><a href=\"http:\/\/www.kluwerlaw.com\/\" target=\"_blank\"><strong>Wolters Kluwer International<\/strong><\/a><\/p>\n<p style=\"text-align: center;\"><strong><\/strong><a href=\"http:\/\/www.kluwerlaw.com\/\" target=\"_blank\"><img loading=\"lazy\" decoding=\"async\" class=\"size-full wp-image-1646\" alt=\"Wolters Kluwer International\" src=\"http:\/\/www.ardae.ro\/wp-content\/uploads\/Wolters-Kluwer-International.jpg\" width=\"248\" height=\"80\" \/><\/a><\/p>\n<p style=\"text-align: center;\"><a href=\"http:\/\/www.sweetandmaxwell.co.uk\/default.aspx\" target=\"_blank\"><strong>Sweet and Maxwell<\/strong><\/a><\/p>\n<p style=\"text-align: center;\"><a href=\"http:\/\/www.sweetandmaxwell.co.uk\/\" target=\"_blank\"><img loading=\"lazy\" decoding=\"async\" class=\"size-medium wp-image-1634\" alt=\"Sweet and maxwell\" src=\"http:\/\/www.ardae.ro\/wp-content\/uploads\/Sweet-and-maxwell-300x70.png\" width=\"300\" height=\"70\" srcset=\"http:\/\/www.ardae.ro\/wp-content\/uploads\/Sweet-and-maxwell-300x70.png 300w, http:\/\/www.ardae.ro\/wp-content\/uploads\/Sweet-and-maxwell.png 408w\" sizes=\"(max-width: 300px) 100vw, 300px\" \/><\/a><\/p>\n<p style=\"text-align: center;\"><strong><a href=\"http:\/\/www.cambridge.org\/us\/academic\/subjects\/law\/\" target=\"_blank\">Cambridge University Press<\/a><\/strong><\/p>\n<p style=\"text-align: center;\"><a href=\"http:\/\/www.cambridge.org\/us\/academic\/subjects\/law\/\" target=\"_blank\"><img loading=\"lazy\" decoding=\"async\" class=\"size-full wp-image-1648\" alt=\"Cambridge University Press\" src=\"http:\/\/www.ardae.ro\/wp-content\/uploads\/Cambridge-University-Press.jpg\" width=\"151\" height=\"50\" srcset=\"http:\/\/www.ardae.ro\/wp-content\/uploads\/Cambridge-University-Press.jpg 151w, http:\/\/www.ardae.ro\/wp-content\/uploads\/Cambridge-University-Press-150x50.jpg 150w\" sizes=\"(max-width: 151px) 100vw, 151px\" \/><\/a><\/p>\n<p style=\"text-align: center;\"><a href=\"http:\/\/fr.bruylant.larciergroup.com\/\" target=\"_blank\"><strong>Bruylant<\/strong><\/a><\/p>\n<p><a href=\"http:\/\/fr.bruylant.larciergroup.com\/\" target=\"_blank\"><img loading=\"lazy\" decoding=\"async\" class=\"size-thumbnail wp-image-1535 aligncenter\" alt=\"Bruylant\" src=\"http:\/\/www.ardae.ro\/wp-content\/uploads\/Bruylant-150x145.jpg\" width=\"150\" height=\"145\" \/><\/a><\/p>\n<p style=\"text-align: center;\"><a href=\"http:\/\/www.intersentia.co.uk\/\" target=\"_blank\"><strong>Editura Intersentia<\/strong><\/a><\/p>\n<p style=\"text-align: center;\"><a href=\"http:\/\/www.intersentia.co.uk\/\" target=\"_blank\"><img loading=\"lazy\" decoding=\"async\" class=\"size-full wp-image-1598\" alt=\"intersentia\" src=\"http:\/\/www.ardae.ro\/wp-content\/uploads\/intersentia.jpg\" width=\"180\" height=\"138\" \/><\/a><\/p>\n<p style=\"text-align: center;\"><a href=\"http:\/\/www.hartpub.co.uk\/\" target=\"_blank\"><strong>Hart Publishing<\/strong><\/a><\/p>\n<p><a href=\"http:\/\/www.hartpub.co.uk\/\" target=\"_blank\"><img loading=\"lazy\" decoding=\"async\" class=\" wp-image-1628 aligncenter\" alt=\"HART Publishing\" src=\"http:\/\/www.ardae.ro\/wp-content\/uploads\/HART-Publishing-157x300.jpg\" width=\"94\" height=\"180\" srcset=\"http:\/\/www.ardae.ro\/wp-content\/uploads\/HART-Publishing-157x300.jpg 157w, http:\/\/www.ardae.ro\/wp-content\/uploads\/HART-Publishing.jpg 172w\" sizes=\"(max-width: 94px) 100vw, 94px\" \/><\/a><\/p>\n<p style=\"text-align: center;\"><a href=\"http:\/\/www.springer.com\/law?SGWID=0-10017-0-0-0\" target=\"_blank\"><strong>Springer<\/strong><\/a><\/p>\n<p><a href=\"http:\/\/www.springer.com\/law?SGWID=0-10017-0-0-0\" target=\"_blank\"><img loading=\"lazy\" decoding=\"async\" class=\" wp-image-1641 aligncenter\" alt=\"Springer\" src=\"http:\/\/www.ardae.ro\/wp-content\/uploads\/Springer-300x110.png\" width=\"210\" height=\"77\" srcset=\"http:\/\/www.ardae.ro\/wp-content\/uploads\/Springer-300x110.png 300w, http:\/\/www.ardae.ro\/wp-content\/uploads\/Springer.png 369w\" sizes=\"(max-width: 210px) 100vw, 210px\" \/><\/a><\/p>\n<p style=\"text-align: center;\"><a href=\"http:\/\/www.sellier.de\/pages\/en\/home\/index.new_publications.htm\" target=\"_blank\"><strong><span style=\"font-size: 13px;\">sellier\u00a0<\/span><\/strong><\/a><\/p>\n<p style=\"text-align: center;\"><a href=\"http:\/\/www.sellier.de\/pages\/en\/home\/index.new_publications.htm\" target=\"_blank\"><img loading=\"lazy\" decoding=\"async\" class=\"size-full wp-image-1629\" alt=\"sellier_logo\" src=\"http:\/\/www.ardae.ro\/wp-content\/uploads\/sellier_logo.png\" width=\"287\" height=\"60\" \/><\/a><\/p>\n<p style=\"text-align: center;\"><strong><a href=\"http:\/\/www.europalawpublishing.com\/EN\/\" target=\"_blank\">Europa Law Publishing<\/a><\/strong><\/p>\n<p style=\"text-align: center;\"><a href=\"http:\/\/www.europalawpublishing.com\/EN\/\" target=\"_blank\"><img loading=\"lazy\" decoding=\"async\" class=\"size-medium wp-image-1630\" alt=\"Europa Law Publishing\" src=\"http:\/\/www.ardae.ro\/wp-content\/uploads\/Europa-Law-Publishing-300x42.jpg\" width=\"300\" height=\"42\" srcset=\"http:\/\/www.ardae.ro\/wp-content\/uploads\/Europa-Law-Publishing-300x42.jpg 300w, http:\/\/www.ardae.ro\/wp-content\/uploads\/Europa-Law-Publishing.jpg 532w\" sizes=\"(max-width: 300px) 100vw, 300px\" \/><\/a><\/p>\n<p style=\"text-align: center;\"><a href=\"http:\/\/editionslarcier.larciergroup.com\/\" target=\"_blank\"><strong>Larcier<\/strong><\/a><\/p>\n<p style=\"text-align: center;\"><a href=\"http:\/\/editionslarcier.larciergroup.com\/\" target=\"_blank\"><img loading=\"lazy\" decoding=\"async\" class=\"size-full wp-image-1636\" alt=\"Larcier\" src=\"http:\/\/www.ardae.ro\/wp-content\/uploads\/Larcier.png\" width=\"204\" height=\"103\" \/><\/a><\/p>\n<p style=\"text-align: center;\"><a href=\"http:\/\/www.bloomsburyprofessional.com\/uk\/law\/\" target=\"_blank\"><strong>Bloomsbury Professional&#8217;s Law<\/strong><\/a><\/p>\n<p style=\"text-align: center;\"><a href=\"http:\/\/www.bloomsburyprofessional.com\/uk\/law\/\" target=\"_blank\"><img loading=\"lazy\" decoding=\"async\" class=\"size-full wp-image-1656\" alt=\"Bloomsbury Professional's Law\" src=\"http:\/\/www.ardae.ro\/wp-content\/uploads\/Bloomsbury-Professionals-Law.jpg\" width=\"259\" height=\"40\" \/><\/a><\/p>\n<p style=\"text-align: center;\"><strong><a href=\"http:\/\/www.ashgate.com\/law\" target=\"_blank\">Ashgate &#8211; Law and Criminology<\/a><\/strong><\/p>\n<p style=\"text-align: center;\"><a href=\"http:\/\/www.ardae.ro\/wp-content\/uploads\/ashgate_law.gif\"><img loading=\"lazy\" decoding=\"async\" class=\"alignleft size-full wp-image-1658\" alt=\"ashgate_law\" src=\"http:\/\/www.ardae.ro\/wp-content\/uploads\/ashgate_law.gif\" width=\"1\" height=\"1\" \/><\/a><\/p>\n<p style=\"text-align: center;\"><a href=\"http:\/\/www.ashgate.com\/law\" target=\"_blank\"><img loading=\"lazy\" decoding=\"async\" class=\"size-full wp-image-1659\" alt=\"Ashgate\" src=\"http:\/\/www.ardae.ro\/wp-content\/uploads\/Ashgate.jpg\" width=\"221\" height=\"68\" \/><\/a><\/p>\n<p style=\"text-align: center;\"><strong style=\"font-size: 13px;\">\u00a0<a href=\"http:\/\/www.editurauniversitara.ro\/\" target=\"_blank\">Editura Universitar\u0103<\/a><\/strong><\/p>\n<p><a href=\"http:\/\/www.editurauniversitara.ro\/\" target=\"_blank\"><img loading=\"lazy\" decoding=\"async\" class=\"aligncenter\" title=\"SIGLA-NOUA-EDITURA-UNIVERSITARA-140x62\" alt=\"\" src=\"http:\/\/www.ardae.ro\/wp-content\/uploads\/SIGLA-NOUA-EDITURA-UNIVERSITARA-140x62.jpg\" width=\"140\" height=\"62\" \/><\/a><\/p>\n<p style=\"text-align: center;\"><strong><a href=\"http:\/\/www.wolterskluwer.ro\/\" target=\"_blank\">Wolters Kluwer Rom\u00e2nia<\/a><\/strong><\/p>\n<p><a href=\"http:\/\/www.wolterskluwer.ro\/\" target=\"_blank\"><img loading=\"lazy\" decoding=\"async\" class=\"size-full wp-image-1547 aligncenter\" alt=\"Wolters Kluwer\" src=\"http:\/\/www.ardae.ro\/wp-content\/uploads\/Wolters-Kluwer.jpg\" width=\"300\" height=\"68\" \/><\/a><\/p>\n<p style=\"text-align: center;\"><a href=\"http:\/\/www.beck.ro\/\" target=\"_blank\"><strong>C.H. Beck<\/strong><\/a><\/p>\n<p><a href=\"http:\/\/www.beck.ro\/\" target=\"_blank\"><img loading=\"lazy\" decoding=\"async\" class=\"wp-image-1576 aligncenter\" alt=\"EdituraCHBECK\" src=\"http:\/\/www.ardae.ro\/wp-content\/uploads\/EdituraCHBECK.jpg\" width=\"155\" height=\"180\" \/><\/a><\/p>\n<p style=\"text-align: center;\"><strong><a href=\"http:\/\/www.editurauniversuljuridic.ro\/\" target=\"_blank\">Editura Universul Juridic<\/a><\/strong><\/p>\n<p style=\"text-align: center;\"><a href=\"http:\/\/www.editurauniversuljuridic.ro\/\" target=\"_blank\"><img loading=\"lazy\" decoding=\"async\" class=\"size-full wp-image-1578\" alt=\"Universul Juridic\" src=\"http:\/\/www.ardae.ro\/wp-content\/uploads\/Universul-Juridic.jpg\" width=\"63\" height=\"97\" \/><\/a><\/p>\n<p style=\"text-align: center;\"><strong><a href=\"http:\/\/www.hamangiu.ro\/\" target=\"_blank\">Editura Hamangiu<\/a><\/strong><\/p>\n<p><a href=\"http:\/\/www.hamangiu.ro\/\" target=\"_blank\"><img loading=\"lazy\" decoding=\"async\" class=\"wp-image-1597 aligncenter\" alt=\"Editura Hamangiu\" src=\"http:\/\/www.ardae.ro\/wp-content\/uploads\/Editura-Hamangiu.jpg\" width=\"179\" height=\"101\" \/><\/a><\/p>\n<p style=\"text-align: center;\"><span style=\"color: #ff0000;\"><strong>PROGRAME DE CERCETARE, PROIECTE<\/strong><\/span><\/p>\n<p style=\"text-align: center;\"><a href=\"http:\/\/iaduer.ro\/\" target=\"_blank\"><strong>iaduer.ro &#8211; Afaceri juridice europene<\/strong><\/a><\/p>\n<p style=\"text-align: center;\"><a href=\"http:\/\/iaduer.ro\/\" target=\"_blank\"><img loading=\"lazy\" decoding=\"async\" class=\"size-full wp-image-1548\" alt=\"IADUER.ro\" src=\"http:\/\/www.ardae.ro\/wp-content\/uploads\/IADUER.ro_.jpg\" width=\"150\" height=\"82\" \/><\/a><\/p>\n<p style=\"text-align: center;\"><a href=\"http:\/\/hotararicedo.ro\/\" target=\"_blank\"><strong>hotararicedo.ro<\/strong><\/a><\/p>\n<p style=\"text-align: center;\"><a href=\"http:\/\/www.hotararicedo.ro\/\"><img loading=\"lazy\" decoding=\"async\" title=\"JurisClasorCEDO\" alt=\"\" src=\"http:\/\/www.ardae.ro\/wp-content\/uploads\/JurisClasorCEDO.jpg\" width=\"249\" height=\"73\" \/><\/a><\/p>\n<p style=\"text-align: center;\"><a href=\"https:\/\/fiatiustitia.upm.ro\/?lang=en\" target=\"_blank\"><strong>FIAT IUSTITIA<\/strong><\/a><\/p>\n<p style=\"text-align: center;\"><a href=\"https:\/\/fiatiustitia.upm.ro\/?lang=en\" target=\"_blank\"><img loading=\"lazy\" decoding=\"async\" class=\"size-medium wp-image-1581\" alt=\"Fiat_Iustitia2014\" src=\"http:\/\/www.ardae.ro\/wp-content\/uploads\/Fiat_Iustitia2014-300x36.png\" width=\"300\" height=\"36\" srcset=\"http:\/\/www.ardae.ro\/wp-content\/uploads\/Fiat_Iustitia2014-300x36.png 300w, http:\/\/www.ardae.ro\/wp-content\/uploads\/Fiat_Iustitia2014-1024x125.png 1024w, http:\/\/www.ardae.ro\/wp-content\/uploads\/Fiat_Iustitia2014.png 1164w\" sizes=\"(max-width: 300px) 100vw, 300px\" \/><\/a><\/p>\n<p style=\"text-align: center;\"><a href=\"http:\/\/www.romanianarbitration.ro\/\" target=\"_blank\"><strong>Arbitrajul comercial \u00een Rom\u00e2nia &#8211; revista on line<\/strong><\/a><\/p>\n<p><a href=\"http:\/\/www.romanianarbitration.ro\/\" target=\"_blank\"><img loading=\"lazy\" decoding=\"async\" class=\" wp-image-1639 aligncenter\" alt=\"Arbitrajul comercial in Romania\" src=\"http:\/\/www.ardae.ro\/wp-content\/uploads\/Arbitrajul-comercial-in-Romania-211x300.jpg\" width=\"127\" height=\"180\" srcset=\"http:\/\/www.ardae.ro\/wp-content\/uploads\/Arbitrajul-comercial-in-Romania-211x300.jpg 211w, http:\/\/www.ardae.ro\/wp-content\/uploads\/Arbitrajul-comercial-in-Romania-721x1024.jpg 721w, http:\/\/www.ardae.ro\/wp-content\/uploads\/Arbitrajul-comercial-in-Romania.jpg 827w\" sizes=\"(max-width: 127px) 100vw, 127px\" \/><\/a><\/p>\n<p style=\"text-align: center;\"><strong><a href=\"http:\/\/ec.europa.eu\/yourvoice\/index_ro.htm\" target=\"_blank\">Consult\u0103ri Europene * Vocea ta \u00een Europa * Consult\u0103ri<\/a><\/strong><\/p>\n<p style=\"text-align: center;\"><strong><a href=\"http:\/\/ec.europa.eu\/yourvoice\/consultations\/index_en.htm\" target=\"_blank\">European Commission * Your Voice in Europe * Consultations<\/a><\/strong><\/p>\n<p style=\"text-align: center;\"><a href=\"http:\/\/ec.europa.eu\/yourvoice\/index_ro.htm\" target=\"_blank\"><img loading=\"lazy\" decoding=\"async\" class=\"size-thumbnail wp-image-1545\" alt=\"Comisia_Europeana\" src=\"http:\/\/www.ardae.ro\/wp-content\/uploads\/Comisia_Europeana-150x119.gif\" width=\"150\" height=\"119\" \/><\/a><a href=\"http:\/\/ec.europa.eu\/yourvoice\/consultations\/index_en.htm\" target=\"_blank\"><img loading=\"lazy\" decoding=\"async\" class=\"size-thumbnail wp-image-1546\" alt=\"European Commission\" src=\"http:\/\/www.ardae.ro\/wp-content\/uploads\/European-Commission-150x150.jpg\" width=\"150\" height=\"150\" \/><\/a><\/p>\n<p style=\"text-align: center;\"><span style=\"color: #ff0000;\"><strong><a href=\"http:\/\/www.ardae.ro\/?p=1180\" target=\"_blank\"><span style=\"color: #ff0000;\">Calendarul evenimentelor de drept si afaceri europene \u2013 ARDAE<\/span><\/a><\/strong><\/span><\/p>\n<p style=\"text-align: center;\"><a href=\"http:\/\/www.ardae.ro\/?p=1180\" target=\"_blank\"><img loading=\"lazy\" decoding=\"async\" class=\"size-medium wp-image-913\" alt=\"evenimente europene ARDAE\" src=\"http:\/\/www.ardae.ro\/wp-content\/uploads\/evenimente-europene-ARDAE-211x300.jpg\" width=\"211\" height=\"300\" srcset=\"http:\/\/www.ardae.ro\/wp-content\/uploads\/evenimente-europene-ARDAE-211x300.jpg 211w, http:\/\/www.ardae.ro\/wp-content\/uploads\/evenimente-europene-ARDAE-721x1024.jpg 721w, http:\/\/www.ardae.ro\/wp-content\/uploads\/evenimente-europene-ARDAE.jpg 1165w\" sizes=\"(max-width: 211px) 100vw, 211px\" \/><\/a><\/p>\n<p style=\"text-align: center;\"><span style=\"color: #ff0000;\"><strong>Profesioni\u015fti: avocati<\/strong><\/span><\/p>\n<p style=\"text-align: center;\"><a href=\"http:\/\/www.ceparu-irimia.ro\/\" target=\"_blank\"><b>Societatea Civil\u0103 Profesional\u0103 de Avoca\u0163i Ceparu \u015fi Irimia (SCPACI)<\/b><\/a><\/p>\n<p style=\"text-align: center;\"><a href=\"http:\/\/www.ceparu-irimia.ro\/\" target=\"_blank\"><img loading=\"lazy\" decoding=\"async\" class=\"size-medium wp-image-1594\" alt=\"Ceparu Irimia\" src=\"http:\/\/www.ardae.ro\/wp-content\/uploads\/Ceparu-Irimia-300x81.jpg\" width=\"300\" height=\"81\" srcset=\"http:\/\/www.ardae.ro\/wp-content\/uploads\/Ceparu-Irimia-300x81.jpg 300w, http:\/\/www.ardae.ro\/wp-content\/uploads\/Ceparu-Irimia.jpg 429w\" sizes=\"(max-width: 300px) 100vw, 300px\" \/><\/a><\/p>\n<p style=\"text-align: center;\"><a href=\"http:\/\/www.mircea-asociatii.ro\/\" target=\"_blank\">Mircea \u015fi Asocia\u0163ii<\/a><\/p>\n<p style=\"text-align: center;\"><a href=\"http:\/\/www.mircea-asociatii.ro\/\" target=\"_blank\"><img loading=\"lazy\" decoding=\"async\" class=\"size-full wp-image-1595\" alt=\"Mircea si asociatii\" src=\"http:\/\/www.ardae.ro\/wp-content\/uploads\/Mircea-si-asociatii.png\" width=\"168\" height=\"89\" \/><\/a><\/p>\n<p style=\"text-align: center;\"><a href=\"http:\/\/www.bpv-grigorescu.com\/ro\/\" target=\"_blank\">bpv GRIGORESCU \u015eTEF\u0102NIC\u0102<\/a><\/p>\n<p style=\"text-align: center;\"><a href=\"http:\/\/www.bpv-grigorescu.com\/ro\/\" target=\"_blank\"><img loading=\"lazy\" decoding=\"async\" class=\"size-medium wp-image-1610\" alt=\"bpv-GS Logo 300dpi\" src=\"http:\/\/www.ardae.ro\/wp-content\/uploads\/bpv-GS-Logo-300dpi-300x39.jpg\" width=\"300\" height=\"39\" srcset=\"http:\/\/www.ardae.ro\/wp-content\/uploads\/bpv-GS-Logo-300dpi-300x39.jpg 300w, http:\/\/www.ardae.ro\/wp-content\/uploads\/bpv-GS-Logo-300dpi-1024x134.jpg 1024w, http:\/\/www.ardae.ro\/wp-content\/uploads\/bpv-GS-Logo-300dpi.jpg 1723w\" sizes=\"(max-width: 300px) 100vw, 300px\" \/><\/a><\/p>\n<p style=\"text-align: center;\"><a href=\"http:\/\/ralucanechimis-lawoffice.com\/\" target=\"_blank\"><strong>CIA Raluca NECHIMIS<\/strong><\/a><\/p>\n<p>&nbsp;<\/p>\n<p><em id=\"__mceDel\"><a href=\"http:\/\/ralucanechimis-lawoffice.com\/\" target=\"_blank\"><img loading=\"lazy\" decoding=\"async\" class=\"wp-image-3017 aligncenter\" alt=\"Raluca Mechimis\" src=\"http:\/\/www.ardae.ro\/wp-content\/uploads\/Raluca-Mechimis-300x228.jpeg\" width=\"180\" height=\"137\" srcset=\"http:\/\/www.ardae.ro\/wp-content\/uploads\/Raluca-Mechimis-300x228.jpeg 300w, http:\/\/www.ardae.ro\/wp-content\/uploads\/Raluca-Mechimis-1024x778.jpeg 1024w, http:\/\/www.ardae.ro\/wp-content\/uploads\/Raluca-Mechimis.jpeg 1920w\" sizes=\"(max-width: 180px) 100vw, 180px\" \/><\/a><\/em><\/p>\n<p>&nbsp;<\/p>\n","protected":false},"excerpt":{"rendered":"<p>INSTITUTII Reprezentan\u0163a Comisiei Europene \u00een Rom\u00e2nia *** Agen\u0163ia pentru Drepturi Fundamentale \/\u00a0European Union Agency for Fundamental Rights EACEA \u2013 Agen\u021bia Executiv\u0103 pentru Educa\u021bie, Audiovizul \u0219i Cultur\u0103 \u00a0Institutul DIRPOLIS \u2013 Scuola Superiore Sant\u2019Anna di Pisa Centrul de Studii de Drept European al Institutului de Cercet\u0103ri Juridice al Academiei Rom\u00e2ne Oficiul Rom\u00e2n pentru Drepturile de Autor &#8211; [&hellip;]<\/p>\n","protected":false},"author":1,"featured_media":0,"parent":0,"menu_order":0,"comment_status":"open","ping_status":"open","template":"","meta":{"footnotes":""},"class_list":["post-33","page","type-page","status-publish","hentry"],"_links":{"self":[{"href":"http:\/\/www.ardae.ro\/index.php?rest_route=\/wp\/v2\/pages\/33"}],"collection":[{"href":"http:\/\/www.ardae.ro\/index.php?rest_route=\/wp\/v2\/pages"}],"about":[{"href":"http:\/\/www.ardae.ro\/index.php?rest_route=\/wp\/v2\/types\/page"}],"author":[{"embeddable":true,"href":"http:\/\/www.ardae.ro\/index.php?rest_route=\/wp\/v2\/users\/1"}],"replies":[{"embeddable":true,"href":"http:\/\/www.ardae.ro\/index.php?rest_route=%2Fwp%2Fv2%2Fcomments&post=33"}],"version-history":[{"count":114,"href":"http:\/\/www.ardae.ro\/index.php?rest_route=\/wp\/v2\/pages\/33\/revisions"}],"predecessor-version":[{"id":3019,"href":"http:\/\/www.ardae.ro\/index.php?rest_route=\/wp\/v2\/pages\/33\/revisions\/3019"}],"wp:attachment":[{"href":"http:\/\/www.ardae.ro\/index.php?rest_route=%2Fwp%2Fv2%2Fmedia&parent=33"}],"curies":[{"name":"wp","href":"https:\/\/api.w.org\/{rel}","templated":true}]}}